{"id":117032,"date":"2021-09-20T18:55:57","date_gmt":"2021-09-20T15:55:57","guid":{"rendered":"https:\/\/jmyo.fi\/?post_type=tribe_events&#038;p=117032"},"modified":"2021-09-25T17:29:11","modified_gmt":"2021-09-25T14:29:11","slug":"olympialaiset","status":"publish","type":"tribe_events","link":"https:\/\/jmyo.fi\/en\/tapahtuma\/olympialaiset\/","title":{"rendered":"Olympialaiset"},"content":{"rendered":"<p>Harjoittele tasapainoilua, viilaa silmiesi t\u00e4ht\u00e4ys huippuunsa ja treenaa k\u00e4det kuntoon heittoja varten, sill\u00e4 metsiksen olympialaiset saapuvat!<\/p>\n<p>Metsisten olympialaiset pidet\u00e4\u00e4n Kirkkopuistossa keskiviikkona 29.9 klo.17 alkaen! Tapahtumassa kisataan 4-6 hengen ryhmiss\u00e4, ja ennakkoilmoittautumisen yhteydess\u00e4 vain yksi (1) henkil\u00f6 joukkueesta ilmoittaa itsens\u00e4 ja joukkueensa joukkuenimen kera. Jos kavereita ei l\u00f6ydy kokonaiseen joukkueeseen, on mahdollista ilmoittautua my\u00f6s pienemm\u00e4ll\u00e4 porukalla, jolloin yhdist\u00e4mme pieni\u00e4 porukoita sopivan kokoisiksi joukkueiksi!<\/p>\n<p>Ennakkoilmoittautuminen on nyt auennut! Ilmoittautumisaika 20.9-27.9\u00a0<a href=\"https:\/\/forms.gle\/4QBf8A2hFsrMXDXP9?fbclid=IwAR3B4UjNEj3e6CevaqZLRi_JOf-XZgSSxb3Ud3fRvagJkhhTgqemn_D9smA\" target=\"_blank\" rel=\"nofollow noopener\">https:\/\/forms.gle\/4QBf8A2hFsrMXDXP9<\/a><\/p>\n<p>Huolimatta alun mahtipontisesta kehotuksesta, luvassa ei ole perinteisi\u00e4 olympialaislajeja, joten kaikista taidoista on hy\u00f6ty\u00e4! Huomaathan my\u00f6s, ett\u00e4 tapahtumaan saa tulla vain oireettomana, s\u00e4\u00e4varaus on my\u00f6s voimassa.<\/p>\n<p>MIT\u00c4: Olympialaiset<br \/>\nMISS\u00c4: Kirkkopuistossa<br \/>\nMILLOIN: 29.9 klo. 17<\/p>\n","protected":false},"excerpt":{"rendered":"<p>Harjoittele tasapainoilua, viilaa silmiesi t\u00e4ht\u00e4ys huippuunsa ja treenaa k\u00e4det kuntoon heittoja varten, sill\u00e4 metsiksen olympialaiset saapuvat! Metsisten olympialaiset pidet\u00e4\u00e4n Kirkkopuistossa keskiviikkona 29.9 klo.17 alkaen! Tapahtumassa kisataan 4-6 hengen ryhmiss\u00e4, ja [&hellip;]<\/p>\n","protected":false},"author":4,"featured_media":0,"comment_status":"closed","ping_status":"closed","template":"","meta":{"_acf_changed":false,"_tribe_events_status":"","_tribe_events_status_reason":"","footnotes":""},"tags":[],"tribe_events_cat":[],"class_list":["post-117032","tribe_events","type-tribe_events","status-publish","hentry"],"acf":[],"yoast_head":"<!-- This site is optimized with the Yoast SEO plugin v24.7 - https:\/\/yoast.com\/wordpress\/plugins\/seo\/ -->\n<title>Olympialaiset - Joensuun Mets\u00e4ylioppilaat ry<\/title>\n<meta name=\"robots\" content=\"index, follow, max-snippet:-1, max-image-preview:large, max-video-preview:-1\" \/>\n<link rel=\"canonical\" href=\"https:\/\/jmyo.fi\/en\/tapahtuma\/olympialaiset\/\" \/>\n<meta property=\"og:locale\" content=\"en_US\" \/>\n<meta property=\"og:type\" content=\"article\" \/>\n<meta property=\"og:title\" content=\"Olympialaiset - Joensuun Mets\u00e4ylioppilaat ry\" \/>\n<meta property=\"og:description\" content=\"Harjoittele tasapainoilua, viilaa silmiesi t\u00e4ht\u00e4ys huippuunsa ja treenaa k\u00e4det kuntoon heittoja varten, sill\u00e4 metsiksen olympialaiset saapuvat! Metsisten olympialaiset pidet\u00e4\u00e4n Kirkkopuistossa keskiviikkona 29.9 klo.17 alkaen! Tapahtumassa kisataan 4-6 hengen ryhmiss\u00e4, ja [&hellip;]\" \/>\n<meta property=\"og:url\" content=\"https:\/\/jmyo.fi\/en\/tapahtuma\/olympialaiset\/\" \/>\n<meta property=\"og:site_name\" content=\"Joensuun Mets\u00e4ylioppilaat ry\" \/>\n<meta property=\"article:modified_time\" content=\"2021-09-25T14:29:11+00:00\" \/>\n<meta name=\"twitter:card\" content=\"summary_large_image\" \/>\n<meta name=\"twitter:label1\" content=\"Est. reading time\" \/>\n\t<meta name=\"twitter:data1\" content=\"1 minute\" \/>\n<script type=\"application\/ld+json\" class=\"yoast-schema-graph\">{\"@context\":\"https:\/\/schema.org\",\"@graph\":[{\"@type\":\"WebPage\",\"@id\":\"https:\/\/jmyo.fi\/tapahtuma\/olympialaiset\/\",\"url\":\"https:\/\/jmyo.fi\/tapahtuma\/olympialaiset\/\",\"name\":\"Olympialaiset - Joensuun Mets\u00e4ylioppilaat ry\",\"isPartOf\":{\"@id\":\"https:\/\/jmyo.fi\/#website\"},\"datePublished\":\"2021-09-20T15:55:57+00:00\",\"dateModified\":\"2021-09-25T14:29:11+00:00\",\"breadcrumb\":{\"@id\":\"https:\/\/jmyo.fi\/tapahtuma\/olympialaiset\/#breadcrumb\"},\"inLanguage\":\"en-US\",\"potentialAction\":[{\"@type\":\"ReadAction\",\"target\":[\"https:\/\/jmyo.fi\/tapahtuma\/olympialaiset\/\"]}]},{\"@type\":\"BreadcrumbList\",\"@id\":\"https:\/\/jmyo.fi\/tapahtuma\/olympialaiset\/#breadcrumb\",\"itemListElement\":[{\"@type\":\"ListItem\",\"position\":1,\"name\":\"Etusivu\",\"item\":\"https:\/\/jmyo.fi\/\"},{\"@type\":\"ListItem\",\"position\":2,\"name\":\"Tapahtumat\",\"item\":\"https:\/\/jmyo.fi\/tapahtumat\/\"},{\"@type\":\"ListItem\",\"position\":3,\"name\":\"Olympialaiset\"}]},{\"@type\":\"WebSite\",\"@id\":\"https:\/\/jmyo.fi\/#website\",\"url\":\"https:\/\/jmyo.fi\/\",\"name\":\"Joensuun Mets\u00e4ylioppilaat ry\",\"description\":\"Mets\u00e4tieteiden ainej\u00e4rjest\u00f6 vuodesta 1982\",\"publisher\":{\"@id\":\"https:\/\/jmyo.fi\/#organization\"},\"potentialAction\":[{\"@type\":\"SearchAction\",\"target\":{\"@type\":\"EntryPoint\",\"urlTemplate\":\"https:\/\/jmyo.fi\/?s={search_term_string}\"},\"query-input\":{\"@type\":\"PropertyValueSpecification\",\"valueRequired\":true,\"valueName\":\"search_term_string\"}}],\"inLanguage\":\"en-US\"},{\"@type\":\"Organization\",\"@id\":\"https:\/\/jmyo.fi\/#organization\",\"name\":\"Joensuun Mets\u00e4ylioppilaat ry\",\"url\":\"https:\/\/jmyo.fi\/\",\"logo\":{\"@type\":\"ImageObject\",\"inLanguage\":\"en-US\",\"@id\":\"https:\/\/jmyo.fi\/#\/schema\/logo\/image\/\",\"url\":\"https:\/\/jmyo.fi\/paasivusto\/wp-content\/uploads\/2021\/02\/cropped-cropped-logo_lehti_ympyra.png\",\"contentUrl\":\"https:\/\/jmyo.fi\/paasivusto\/wp-content\/uploads\/2021\/02\/cropped-cropped-logo_lehti_ympyra.png\",\"width\":512,\"height\":512,\"caption\":\"Joensuun Mets\u00e4ylioppilaat ry\"},\"image\":{\"@id\":\"https:\/\/jmyo.fi\/#\/schema\/logo\/image\/\"}}]}<\/script>\n<!-- \/ Yoast SEO plugin. -->","yoast_head_json":{"title":"Olympialaiset - Joensuun Mets\u00e4ylioppilaat ry","robots":{"index":"index","follow":"follow","max-snippet":"max-snippet:-1","max-image-preview":"max-image-preview:large","max-video-preview":"max-video-preview:-1"},"canonical":"https:\/\/jmyo.fi\/en\/tapahtuma\/olympialaiset\/","og_locale":"en_US","og_type":"article","og_title":"Olympialaiset - Joensuun Mets\u00e4ylioppilaat ry","og_description":"Harjoittele tasapainoilua, viilaa silmiesi t\u00e4ht\u00e4ys huippuunsa ja treenaa k\u00e4det kuntoon heittoja varten, sill\u00e4 metsiksen olympialaiset saapuvat! Metsisten olympialaiset pidet\u00e4\u00e4n Kirkkopuistossa keskiviikkona 29.9 klo.17 alkaen! Tapahtumassa kisataan 4-6 hengen ryhmiss\u00e4, ja [&hellip;]","og_url":"https:\/\/jmyo.fi\/en\/tapahtuma\/olympialaiset\/","og_site_name":"Joensuun Mets\u00e4ylioppilaat ry","article_modified_time":"2021-09-25T14:29:11+00:00","twitter_card":"summary_large_image","twitter_misc":{"Est. reading time":"1 minute"},"schema":{"@context":"https:\/\/schema.org","@graph":[{"@type":"WebPage","@id":"https:\/\/jmyo.fi\/tapahtuma\/olympialaiset\/","url":"https:\/\/jmyo.fi\/tapahtuma\/olympialaiset\/","name":"Olympialaiset - Joensuun Mets\u00e4ylioppilaat ry","isPartOf":{"@id":"https:\/\/jmyo.fi\/#website"},"datePublished":"2021-09-20T15:55:57+00:00","dateModified":"2021-09-25T14:29:11+00:00","breadcrumb":{"@id":"https:\/\/jmyo.fi\/tapahtuma\/olympialaiset\/#breadcrumb"},"inLanguage":"en-US","potentialAction":[{"@type":"ReadAction","target":["https:\/\/jmyo.fi\/tapahtuma\/olympialaiset\/"]}]},{"@type":"BreadcrumbList","@id":"https:\/\/jmyo.fi\/tapahtuma\/olympialaiset\/#breadcrumb","itemListElement":[{"@type":"ListItem","position":1,"name":"Etusivu","item":"https:\/\/jmyo.fi\/"},{"@type":"ListItem","position":2,"name":"Tapahtumat","item":"https:\/\/jmyo.fi\/tapahtumat\/"},{"@type":"ListItem","position":3,"name":"Olympialaiset"}]},{"@type":"WebSite","@id":"https:\/\/jmyo.fi\/#website","url":"https:\/\/jmyo.fi\/","name":"Joensuun Mets\u00e4ylioppilaat ry","description":"Mets\u00e4tieteiden ainej\u00e4rjest\u00f6 vuodesta 1982","publisher":{"@id":"https:\/\/jmyo.fi\/#organization"},"potentialAction":[{"@type":"SearchAction","target":{"@type":"EntryPoint","urlTemplate":"https:\/\/jmyo.fi\/?s={search_term_string}"},"query-input":{"@type":"PropertyValueSpecification","valueRequired":true,"valueName":"search_term_string"}}],"inLanguage":"en-US"},{"@type":"Organization","@id":"https:\/\/jmyo.fi\/#organization","name":"Joensuun Mets\u00e4ylioppilaat ry","url":"https:\/\/jmyo.fi\/","logo":{"@type":"ImageObject","inLanguage":"en-US","@id":"https:\/\/jmyo.fi\/#\/schema\/logo\/image\/","url":"https:\/\/jmyo.fi\/paasivusto\/wp-content\/uploads\/2021\/02\/cropped-cropped-logo_lehti_ympyra.png","contentUrl":"https:\/\/jmyo.fi\/paasivusto\/wp-content\/uploads\/2021\/02\/cropped-cropped-logo_lehti_ympyra.png","width":512,"height":512,"caption":"Joensuun Mets\u00e4ylioppilaat ry"},"image":{"@id":"https:\/\/jmyo.fi\/#\/schema\/logo\/image\/"}}]}},"_links":{"self":[{"href":"https:\/\/jmyo.fi\/en\/wp-json\/wp\/v2\/tribe_events\/117032","targetHints":{"allow":["GET"]}}],"collection":[{"href":"https:\/\/jmyo.fi\/en\/wp-json\/wp\/v2\/tribe_events"}],"about":[{"href":"https:\/\/jmyo.fi\/en\/wp-json\/wp\/v2\/types\/tribe_events"}],"author":[{"embeddable":true,"href":"https:\/\/jmyo.fi\/en\/wp-json\/wp\/v2\/users\/4"}],"replies":[{"embeddable":true,"href":"https:\/\/jmyo.fi\/en\/wp-json\/wp\/v2\/comments?post=117032"}],"version-history":[{"count":0,"href":"https:\/\/jmyo.fi\/en\/wp-json\/wp\/v2\/tribe_events\/117032\/revisions"}],"wp:attachment":[{"href":"https:\/\/jmyo.fi\/en\/wp-json\/wp\/v2\/media?parent=117032"}],"wp:term":[{"taxonomy":"post_tag","embeddable":true,"href":"https:\/\/jmyo.fi\/en\/wp-json\/wp\/v2\/tags?post=117032"},{"taxonomy":"tribe_events_cat","embeddable":true,"href":"https:\/\/jmyo.fi\/en\/wp-json\/wp\/v2\/tribe_events_cat?post=117032"}],"curies":[{"name":"wp","href":"https:\/\/api.w.org\/{rel}","templated":true}]}}