{"id":34,"date":"2021-02-10T13:45:09","date_gmt":"2021-02-10T11:45:09","guid":{"rendered":"https:\/\/jmyo.fi\/paasivusto\/?page_id=34"},"modified":"2021-07-18T13:27:04","modified_gmt":"2021-07-18T10:27:04","slug":"ajankohtaista","status":"publish","type":"page","link":"https:\/\/jmyo.fi\/en\/ajankohtaista\/","title":{"rendered":"Current"},"content":{"rendered":"<div data-elementor-type=\"wp-page\" data-elementor-id=\"34\" class=\"elementor elementor-34\">\n\t\t\t\t\t\t<section class=\"elementor-section elementor-top-section elementor-element elementor-element-a2ef393 elementor-section-boxed elementor-section-height-default elementor-section-height-default\" data-id=\"a2ef393\" data-element_type=\"section\">\n\t\t\t\t\t\t<div class=\"elementor-container elementor-column-gap-default\">\n\t\t\t\t\t<div class=\"elementor-column elementor-col-100 elementor-top-column elementor-element elementor-element-9828242\" data-id=\"9828242\" data-element_type=\"column\">\n\t\t\t<div class=\"elementor-widget-wrap elementor-element-populated\">\n\t\t\t\t\t\t<div class=\"elementor-element elementor-element-350ed5b elementor-widget elementor-widget-raven-posts\" data-id=\"350ed5b\" data-element_type=\"widget\" data-settings=\"{&quot;query_posts_per_page&quot;:9,&quot;_skin&quot;:&quot;cover&quot;,&quot;cover_show_pagination&quot;:&quot;yes&quot;,&quot;cover_pagination_type&quot;:&quot;load_more&quot;,&quot;cover_layout&quot;:&quot;grid&quot;,&quot;cover_columns&quot;:&quot;3&quot;,&quot;cover_columns_tablet&quot;:&quot;2&quot;,&quot;cover_columns_mobile&quot;:&quot;1&quot;,&quot;query_offset&quot;:0}\" data-widget_type=\"raven-posts.cover\">\n\t\t\t\t<div class=\"elementor-widget-container\">\n\t\t\t\t\t\t\t<div class=\"raven-posts raven-grid raven-grid-3 raven-grid-mobile-1 raven-grid-tablet-2\" data-post-id=\"34\" data-archive-query=\"\" data-lang=\"\">\r\n\t\t\t\t<div class=\"raven-grid-item raven-post-item post-120143 post type-post status-publish format-standard hentry category-yleinen\">\r\n\t\t\t<div class=\"raven-post raven-post-inside\">\r\n\t\t\t\t\t\t\t\t\t<div class=\"raven-post-content\">\r\n\t\t\t\t\t\t<h2 class=\"raven-post-title\"><a class=\"raven-post-title-link\" href=\"https:\/\/jmyo.fi\/en\/yleinen\/etsitaan-uusia-metsatiloja-metsasuunnitelman-laadinnan-kurssille\/\">Etsit\u00e4\u00e4n uusia mets\u00e4tiloja mets\u00e4suunnitelman laadinnan kurssille<\/a><\/h2>\t\t<div class=\"raven-post-meta\"><a class=\"raven-post-meta-item raven-post-date\" href=\"https:\/\/jmyo.fi\/en\/2026\/04\/\" rel=\"bookmark\">10.4.2026<\/a>\n<span class=\"raven-post-meta-divider\">\/<\/span>\n<span class=\"raven-post-meta-item raven-post-categories\"><a href=\"https:\/\/jmyo.fi\/en\/kategoria\/yleinen\/\" rel=\"tag\">Yleinen<\/a><\/span><\/div>\r\n\t\t<div class=\"raven-post-excerpt\">Joensuun mets\u00e4ylioppilaat etsii uusia mets\u00e4tiloja mets\u00e4suunnitelman laadinnan kurssille. Mik\u00e4li sinulla tai tutullasi on mets\u00e4tila vailla mets\u00e4suunnitelmaa niin nyt on oiva mahdollisuus teett\u00e4\u00e4 se alan opiskelijoiden kautta! Osana opintojaan Joensuun mets\u00e4ylioppilaat<\/div>\t\t<div class=\"raven-post-read-more\">\r\n\t\t\t<a class=\"raven-post-button\" href=\"https:\/\/jmyo.fi\/en\/yleinen\/etsitaan-uusia-metsatiloja-metsasuunnitelman-laadinnan-kurssille\/\"><span class=\"raven-post-button-text\">Jatka lukemista<\/span><\/a>\r\n\t\t<\/div>\r\n\t\t\t\t\t\t\t<\/div>\r\n\t\t\t\t\t\t\t\t<\/div>\r\n\t\t<\/div>\r\n\t\t\t\t<div class=\"raven-grid-item raven-post-item post-119914 post type-post status-publish format-standard has-post-thumbnail hentry category-yleinen\">\r\n\t\t\t<div class=\"raven-post raven-post-inside\">\r\n\t\t\t\t\t\t<div class=\"raven-post-image-wrap\">\r\n\t\t\t<div class=\"raven-post-image raven-image-fit\" ><span class=\"raven-post-image-overlay\"><\/span> <img fetchpriority=\"high\" decoding=\"async\" width=\"2048\" height=\"2048\" src=\"https:\/\/jmyo.fi\/paasivusto\/wp-content\/uploads\/2025\/03\/metso_relaskooppi.png\" class=\"attachment-full size-full wp-image-119920\" alt=\"\" srcset=\"https:\/\/jmyo.fi\/paasivusto\/wp-content\/uploads\/2025\/03\/metso_relaskooppi.png 2048w, https:\/\/jmyo.fi\/paasivusto\/wp-content\/uploads\/2025\/03\/metso_relaskooppi-768x768.png 768w, https:\/\/jmyo.fi\/paasivusto\/wp-content\/uploads\/2025\/03\/metso_relaskooppi-1536x1536.png 1536w, https:\/\/jmyo.fi\/paasivusto\/wp-content\/uploads\/2025\/03\/metso_relaskooppi-12x12.png 12w, https:\/\/jmyo.fi\/paasivusto\/wp-content\/uploads\/2025\/03\/metso_relaskooppi-500x500.png 500w, https:\/\/jmyo.fi\/paasivusto\/wp-content\/uploads\/2025\/03\/metso_relaskooppi-300x300.png 300w, https:\/\/jmyo.fi\/paasivusto\/wp-content\/uploads\/2025\/03\/metso_relaskooppi-600x600.png 600w, https:\/\/jmyo.fi\/paasivusto\/wp-content\/uploads\/2025\/03\/metso_relaskooppi-100x100.png 100w\" sizes=\"(max-width: 2048px) 100vw, 2048px\" \/><\/div>\t\t<\/div>\r\n\t\t\t\t\t\t\t<div class=\"raven-post-content\">\r\n\t\t\t\t\t\t<h2 class=\"raven-post-title\"><a class=\"raven-post-title-link\" href=\"https:\/\/jmyo.fi\/en\/yleinen\/etsitaan-metsatiloja-metsasuunnitelman-laadinnan-kurssille\/\">Etsit\u00e4\u00e4n mets\u00e4tiloja mets\u00e4suunnitelman laadinnan kurssille<\/a><\/h2>\t\t<div class=\"raven-post-meta\"><a class=\"raven-post-meta-item raven-post-date\" href=\"https:\/\/jmyo.fi\/en\/2025\/03\/\" rel=\"bookmark\">28.3.2025<\/a>\n<span class=\"raven-post-meta-divider\">\/<\/span>\n<span class=\"raven-post-meta-item raven-post-categories\"><a href=\"https:\/\/jmyo.fi\/en\/kategoria\/yleinen\/\" rel=\"tag\">Yleinen<\/a><\/span><\/div>\r\n\t\t<div class=\"raven-post-excerpt\">Joensuun mets\u00e4ylioppilaat etsii uusia mets\u00e4tiloja mets\u00e4suunnitelman laadinnan kurssille. Mik\u00e4li sinulla tai tutullasi on mets\u00e4tila vailla mets\u00e4suunnitelmaa niin nyt on oiva mahdollisuus teett\u00e4\u00e4 se alan opiskelijoiden kautta! Osana opintojaan Joensuun mets\u00e4ylioppilaat<\/div>\t\t<div class=\"raven-post-read-more\">\r\n\t\t\t<a class=\"raven-post-button\" href=\"https:\/\/jmyo.fi\/en\/yleinen\/etsitaan-metsatiloja-metsasuunnitelman-laadinnan-kurssille\/\"><span class=\"raven-post-button-text\">Jatka lukemista<\/span><\/a>\r\n\t\t<\/div>\r\n\t\t\t\t\t\t\t<\/div>\r\n\t\t\t\t\t\t\t\t<\/div>\r\n\t\t<\/div>\r\n\t\t\t\t<div class=\"raven-grid-item raven-post-item post-119027 post type-post status-publish format-standard hentry category-yleinen tag-rakaposkella tag-rakaposkella-2023 tag-rakis tag-rakis-2023\">\r\n\t\t\t<div class=\"raven-post raven-post-inside\">\r\n\t\t\t\t\t\t\t\t\t<div class=\"raven-post-content\">\r\n\t\t\t\t\t\t<h2 class=\"raven-post-title\"><a class=\"raven-post-title-link\" href=\"https:\/\/jmyo.fi\/en\/yleinen\/rakaposkella-2023-infopaketti-info-package\/\">R\u00e4k\u00e4poskella 2025 infopaketti \/ info package<\/a><\/h2>\t\t<div class=\"raven-post-meta\"><a class=\"raven-post-meta-item raven-post-date\" href=\"https:\/\/jmyo.fi\/en\/2025\/01\/\" rel=\"bookmark\">30.1.2025<\/a>\n<span class=\"raven-post-meta-divider\">\/<\/span>\n<span class=\"raven-post-meta-item raven-post-categories\"><a href=\"https:\/\/jmyo.fi\/en\/kategoria\/yleinen\/\" rel=\"tag\">Yleinen<\/a><\/span>\n<span class=\"raven-post-meta-divider\">\/<\/span>\n<span class=\"raven-post-meta-item raven-post-tags\"><a href=\"https:\/\/jmyo.fi\/en\/avainsana\/rakaposkella\/\" rel=\"tag\">r\u00e4k\u00e4poskella<\/a>, <a href=\"https:\/\/jmyo.fi\/en\/avainsana\/rakaposkella-2023\/\" rel=\"tag\">r\u00e4k\u00e4poskella 2023<\/a>, <a href=\"https:\/\/jmyo.fi\/en\/avainsana\/rakis\/\" rel=\"tag\">R\u00e4kis<\/a>, <a href=\"https:\/\/jmyo.fi\/en\/avainsana\/rakis-2023\/\" rel=\"tag\">r\u00e4kis 2023<\/a><\/span><\/div>\r\n\t\t<div class=\"raven-post-excerpt\">Kaikki mit\u00e4 tarvitsee tiet\u00e4\u00e4 R\u00e4k\u00e4poskella 2023-tapahtumasta \/ All you need to know about the R\u00e4k\u00e4poskella 2023 event.<\/div>\t\t<div class=\"raven-post-read-more\">\r\n\t\t\t<a class=\"raven-post-button\" href=\"https:\/\/jmyo.fi\/en\/yleinen\/rakaposkella-2023-infopaketti-info-package\/\"><span class=\"raven-post-button-text\">Jatka lukemista<\/span><\/a>\r\n\t\t<\/div>\r\n\t\t\t\t\t\t\t<\/div>\r\n\t\t\t\t\t\t\t\t<\/div>\r\n\t\t<\/div>\r\n\t\t\t\t<div class=\"raven-grid-item raven-post-item post-119175 post type-post status-publish format-standard hentry category-yleinen tag-forstikaste tag-forstikaste-2023 tag-joensuu-vappu tag-joensuu-vapputapahtumat tag-joensuun-metsaylioppilaat tag-joensuun-vappu tag-joensuun-vapputapahtumat tag-vappu\">\r\n\t\t\t<div class=\"raven-post raven-post-inside\">\r\n\t\t\t\t\t\t\t\t\t<div class=\"raven-post-content\">\r\n\t\t\t\t\t\t<h2 class=\"raven-post-title\"><a class=\"raven-post-title-link\" href=\"https:\/\/jmyo.fi\/en\/yleinen\/forstikaste2023\/\">Forstikaste 2025 \/ Forsti Baptism 2025<\/a><\/h2>\t\t<div class=\"raven-post-meta\"><a class=\"raven-post-meta-item raven-post-date\" href=\"https:\/\/jmyo.fi\/en\/2025\/01\/\" rel=\"bookmark\">30.1.2025<\/a>\n<span class=\"raven-post-meta-divider\">\/<\/span>\n<span class=\"raven-post-meta-item raven-post-categories\"><a href=\"https:\/\/jmyo.fi\/en\/kategoria\/yleinen\/\" rel=\"tag\">Yleinen<\/a><\/span>\n<span class=\"raven-post-meta-divider\">\/<\/span>\n<span class=\"raven-post-meta-item raven-post-tags\"><a href=\"https:\/\/jmyo.fi\/en\/avainsana\/forstikaste\/\" rel=\"tag\">Forsti baptism event<\/a>, <a href=\"https:\/\/jmyo.fi\/en\/avainsana\/forstikaste-2023\/\" rel=\"tag\">forstikaste 2023<\/a>, <a href=\"https:\/\/jmyo.fi\/en\/avainsana\/joensuu-vappu\/\" rel=\"tag\">joensuu vappu<\/a>, <a href=\"https:\/\/jmyo.fi\/en\/avainsana\/joensuu-vapputapahtumat\/\" rel=\"tag\">joensuu vapputapahtumat<\/a>, <a href=\"https:\/\/jmyo.fi\/en\/avainsana\/joensuun-metsaylioppilaat\/\" rel=\"tag\">joensuun mets\u00e4ylioppilaat<\/a>, <a href=\"https:\/\/jmyo.fi\/en\/avainsana\/joensuun-vappu\/\" rel=\"tag\">joensuun vappu<\/a>, <a href=\"https:\/\/jmyo.fi\/en\/avainsana\/joensuun-vapputapahtumat\/\" rel=\"tag\">joensuun vapputapahtumat<\/a>, <a href=\"https:\/\/jmyo.fi\/en\/avainsana\/vappu\/\" rel=\"tag\">vappu<\/a><\/span><\/div>\r\n\t\t<div class=\"raven-post-excerpt\">Yksi vapun hauskimmista ja taatusti hyyt\u00e4vin tapahtuma on totta kai j\u00e4lleen su 30.5.2023 klo 15 -> j\u00e4rjestett\u00e4v\u00e4 Forstikaste!<\/div>\t\t<div class=\"raven-post-read-more\">\r\n\t\t\t<a class=\"raven-post-button\" href=\"https:\/\/jmyo.fi\/en\/yleinen\/forstikaste2023\/\"><span class=\"raven-post-button-text\">Jatka lukemista<\/span><\/a>\r\n\t\t<\/div>\r\n\t\t\t\t\t\t\t<\/div>\r\n\t\t\t\t\t\t\t\t<\/div>\r\n\t\t<\/div>\r\n\t\t\t\t<div class=\"raven-grid-item raven-post-item post-117789 post type-post status-publish format-standard has-post-thumbnail hentry category-yleinen tag-77 tag-hallitus\">\r\n\t\t\t<div class=\"raven-post raven-post-inside\">\r\n\t\t\t\t\t\t<div class=\"raven-post-image-wrap\">\r\n\t\t\t<div class=\"raven-post-image raven-image-fit\" ><span class=\"raven-post-image-overlay\"><\/span> <img decoding=\"async\" width=\"2560\" height=\"1707\" src=\"https:\/\/jmyo.fi\/paasivusto\/wp-content\/uploads\/2025\/01\/Hallitus-kuva-instagram-scaled.jpg\" class=\"attachment-full size-full wp-image-119838\" alt=\"\" srcset=\"https:\/\/jmyo.fi\/paasivusto\/wp-content\/uploads\/2025\/01\/Hallitus-kuva-instagram-scaled.jpg 2560w, https:\/\/jmyo.fi\/paasivusto\/wp-content\/uploads\/2025\/01\/Hallitus-kuva-instagram-768x512.jpg 768w\" sizes=\"(max-width: 2560px) 100vw, 2560px\" \/><\/div>\t\t<\/div>\r\n\t\t\t\t\t\t\t<div class=\"raven-post-content\">\r\n\t\t\t\t\t\t<h2 class=\"raven-post-title\"><a class=\"raven-post-title-link\" href=\"https:\/\/jmyo.fi\/en\/yleinen\/hallitus-vuodelle-2022\/\">Hallitus vuodelle 2025<\/a><\/h2>\t\t<div class=\"raven-post-meta\"><a class=\"raven-post-meta-item raven-post-date\" href=\"https:\/\/jmyo.fi\/en\/2025\/01\/\" rel=\"bookmark\">30.1.2025<\/a>\n<span class=\"raven-post-meta-divider\">\/<\/span>\n<span class=\"raven-post-meta-item raven-post-categories\"><a href=\"https:\/\/jmyo.fi\/en\/kategoria\/yleinen\/\" rel=\"tag\">Yleinen<\/a><\/span>\n<span class=\"raven-post-meta-divider\">\/<\/span>\n<span class=\"raven-post-meta-item raven-post-tags\"><a href=\"https:\/\/jmyo.fi\/en\/avainsana\/2022\/\" rel=\"tag\">2022<\/a>, <a href=\"https:\/\/jmyo.fi\/en\/avainsana\/hallitus\/\" rel=\"tag\">Board<\/a><\/span><\/div>\r\n\t\t<div class=\"raven-post-excerpt\">Joensuun Mets\u00e4ylioppilaiden hallitus vuodelle 2025 valittiin 30.10.2024 pidetyss\u00e4 vaalikokouksessa. Hallitus j\u00e4rjest\u00e4ytyi seuraavasti: JMYO&#8217;s new board for term 2025 was elected at 30.10.2024. Puheenjohtaja\/President of Board Lita J\u00e4ppinen Varapuheenjohtaja\/Vice-President Rai Laaksolahti<\/div>\t\t<div class=\"raven-post-read-more\">\r\n\t\t\t<a class=\"raven-post-button\" href=\"https:\/\/jmyo.fi\/en\/yleinen\/hallitus-vuodelle-2022\/\"><span class=\"raven-post-button-text\">Jatka lukemista<\/span><\/a>\r\n\t\t<\/div>\r\n\t\t\t\t\t\t\t<\/div>\r\n\t\t\t\t\t\t\t\t<\/div>\r\n\t\t<\/div>\r\n\t\t\t\t<div class=\"raven-grid-item raven-post-item post-119054 post type-post status-publish format-standard hentry category-yleinen tag-rakaposkella tag-rakaposkella-2023 tag-rakis tag-rakis-2023\">\r\n\t\t\t<div class=\"raven-post raven-post-inside\">\r\n\t\t\t\t\t\t\t\t\t<div class=\"raven-post-content\">\r\n\t\t\t\t\t\t<h2 class=\"raven-post-title\"><a class=\"raven-post-title-link\" href=\"https:\/\/jmyo.fi\/en\/yleinen\/rakaposkella-2023-tulokset\/\">R\u00e4k\u00e4poskella 2023 tulokset \/ results<\/a><\/h2>\t\t<div class=\"raven-post-meta\"><a class=\"raven-post-meta-item raven-post-date\" href=\"https:\/\/jmyo.fi\/en\/2023\/03\/\" rel=\"bookmark\">2.3.2023<\/a>\n<span class=\"raven-post-meta-divider\">\/<\/span>\n<span class=\"raven-post-meta-item raven-post-categories\"><a href=\"https:\/\/jmyo.fi\/en\/kategoria\/yleinen\/\" rel=\"tag\">Yleinen<\/a><\/span>\n<span class=\"raven-post-meta-divider\">\/<\/span>\n<span class=\"raven-post-meta-item raven-post-tags\"><a href=\"https:\/\/jmyo.fi\/en\/avainsana\/rakaposkella\/\" rel=\"tag\">r\u00e4k\u00e4poskella<\/a>, <a href=\"https:\/\/jmyo.fi\/en\/avainsana\/rakaposkella-2023\/\" rel=\"tag\">r\u00e4k\u00e4poskella 2023<\/a>, <a href=\"https:\/\/jmyo.fi\/en\/avainsana\/rakis\/\" rel=\"tag\">R\u00e4kis<\/a>, <a href=\"https:\/\/jmyo.fi\/en\/avainsana\/rakis-2023\/\" rel=\"tag\">r\u00e4kis 2023<\/a><\/span><\/div>\r\n\t\t<div class=\"raven-post-excerpt\">R\u00e4k\u00e4poskella-hiihdon vuosimallia 2023 viralliset tulokset! \/ R\u00e4k\u00e4poskella Ski 2023 Official Results!<\/div>\t\t<div class=\"raven-post-read-more\">\r\n\t\t\t<a class=\"raven-post-button\" href=\"https:\/\/jmyo.fi\/en\/yleinen\/rakaposkella-2023-tulokset\/\"><span class=\"raven-post-button-text\">Jatka lukemista<\/span><\/a>\r\n\t\t<\/div>\r\n\t\t\t\t\t\t\t<\/div>\r\n\t\t\t\t\t\t\t\t<\/div>\r\n\t\t<\/div>\r\n\t\t\t\t<div class=\"raven-grid-item raven-post-item post-118903 post type-post status-publish format-standard hentry category-yleinen\">\r\n\t\t\t<div class=\"raven-post raven-post-inside\">\r\n\t\t\t\t\t\t\t\t\t<div class=\"raven-post-content\">\r\n\t\t\t\t\t\t<h2 class=\"raven-post-title\"><a class=\"raven-post-title-link\" href=\"https:\/\/jmyo.fi\/en\/yleinen\/hallitus-vuodelle-2023\/\">Hallitus vuodelle 2023<\/a><\/h2>\t\t<div class=\"raven-post-meta\"><a class=\"raven-post-meta-item raven-post-date\" href=\"https:\/\/jmyo.fi\/en\/2023\/01\/\" rel=\"bookmark\">24.1.2023<\/a>\n<span class=\"raven-post-meta-divider\">\/<\/span>\n<span class=\"raven-post-meta-item raven-post-categories\"><a href=\"https:\/\/jmyo.fi\/en\/kategoria\/yleinen\/\" rel=\"tag\">Yleinen<\/a><\/span><\/div>\r\n\t\t<div class=\"raven-post-excerpt\">Joensuun mets\u00e4ylioppilaat ry:n uusi hallitus vuodelle 2023 valittiin syyskokouksessa 31.10.2022. Puheenjohtaja: Matias Rissanen Varapuheenjohtaja: Iikka Kyn\u00e4slahti Sihteeri: Anna Tynkkynen Talousvastaava: Rai Velasquez Tiedotusvastaava: Juho Lehtola Tapahtumavastaavat: Anni Oinonen ja Hanna<\/div>\t\t<div class=\"raven-post-read-more\">\r\n\t\t\t<a class=\"raven-post-button\" href=\"https:\/\/jmyo.fi\/en\/yleinen\/hallitus-vuodelle-2023\/\"><span class=\"raven-post-button-text\">Jatka lukemista<\/span><\/a>\r\n\t\t<\/div>\r\n\t\t\t\t\t\t\t<\/div>\r\n\t\t\t\t\t\t\t\t<\/div>\r\n\t\t<\/div>\r\n\t\t\t\t<div class=\"raven-grid-item raven-post-item post-118307 post type-post status-publish format-standard hentry category-yleinen\">\r\n\t\t\t<div class=\"raven-post raven-post-inside\">\r\n\t\t\t\t\t\t\t\t\t<div class=\"raven-post-content\">\r\n\t\t\t\t\t\t<h2 class=\"raven-post-title\"><a class=\"raven-post-title-link\" href=\"https:\/\/jmyo.fi\/en\/yleinen\/joensuun-metsaylioppilaat-ry-40v-vuosijuhlat\/\">Joensuun Mets\u00e4ylioppilaat ry. 40v. Vuosijuhlat<\/a><\/h2>\t\t<div class=\"raven-post-meta\"><a class=\"raven-post-meta-item raven-post-date\" href=\"https:\/\/jmyo.fi\/en\/2022\/08\/\" rel=\"bookmark\">27.8.2022<\/a>\n<span class=\"raven-post-meta-divider\">\/<\/span>\n<span class=\"raven-post-meta-item raven-post-categories\"><a href=\"https:\/\/jmyo.fi\/en\/kategoria\/yleinen\/\" rel=\"tag\">Yleinen<\/a><\/span><\/div>\r\n\t\t<div class=\"raven-post-excerpt\">Aika kaivaa iltapuvut ja frakit naftaliinista, sek\u00e4 lankata juhlakeng\u00e4t kuntoon, sill\u00e4 nyt juhlitaan isosti! Joensuun Mets\u00e4ylioppilaat ry. t\u00e4ytt\u00e4\u00e4 t\u00e4n\u00e4 syksyn\u00e4 40 vuotta ja miehen ik\u00e4\u00e4n ehtinytt\u00e4 JMYO:ta juhlistetaan Sokos Hotel<\/div>\t\t<div class=\"raven-post-read-more\">\r\n\t\t\t<a class=\"raven-post-button\" href=\"https:\/\/jmyo.fi\/en\/yleinen\/joensuun-metsaylioppilaat-ry-40v-vuosijuhlat\/\"><span class=\"raven-post-button-text\">Jatka lukemista<\/span><\/a>\r\n\t\t<\/div>\r\n\t\t\t\t\t\t\t<\/div>\r\n\t\t\t\t\t\t\t\t<\/div>\r\n\t\t<\/div>\r\n\t\t\t\t<div class=\"raven-grid-item raven-post-item post-117677 post type-post status-publish format-standard hentry category-rakaposkella category-yleinen tag-78 tag-77 tag-rakaposkella tag-rakis\">\r\n\t\t\t<div class=\"raven-post raven-post-inside\">\r\n\t\t\t\t\t\t\t\t\t<div class=\"raven-post-content\">\r\n\t\t\t\t\t\t<h2 class=\"raven-post-title\"><a class=\"raven-post-title-link\" href=\"https:\/\/jmyo.fi\/en\/yleinen\/rakaposkella-2022\/\">R\u00e4k\u00e4poskella 2022<\/a><\/h2>\t\t<div class=\"raven-post-meta\"><a class=\"raven-post-meta-item raven-post-date\" href=\"https:\/\/jmyo.fi\/en\/2022\/02\/\" rel=\"bookmark\">28.2.2022<\/a>\n<span class=\"raven-post-meta-divider\">\/<\/span>\n<span class=\"raven-post-meta-item raven-post-categories\"><a href=\"https:\/\/jmyo.fi\/en\/kategoria\/rakaposkella\/\" rel=\"tag\">R\u00e4k\u00e4poskella<\/a>, <a href=\"https:\/\/jmyo.fi\/en\/kategoria\/yleinen\/\" rel=\"tag\">Yleinen<\/a><\/span>\n<span class=\"raven-post-meta-divider\">\/<\/span>\n<span class=\"raven-post-meta-item raven-post-tags\"><a href=\"https:\/\/jmyo.fi\/en\/avainsana\/15\/\" rel=\"tag\">15.<\/a>, <a href=\"https:\/\/jmyo.fi\/en\/avainsana\/2022\/\" rel=\"tag\">2022<\/a>, <a href=\"https:\/\/jmyo.fi\/en\/avainsana\/rakaposkella\/\" rel=\"tag\">r\u00e4k\u00e4poskella<\/a>, <a href=\"https:\/\/jmyo.fi\/en\/avainsana\/rakis\/\" rel=\"tag\">R\u00e4kis<\/a><\/span><\/div>\r\n\t\t<div class=\"raven-post-excerpt\">R\u00e4k\u00e4poskella hiihdot j\u00e4rjestettiin Mehtim\u00e4en Hullunkolmiolla jo viidennentoista kerran! Tapahtuma saatiin kahden vuoden tauon j\u00e4lkeen j\u00e4rjestetty\u00e4 perinteisen\u00e4 joukkuehiihtona, jossa 12 tunnin ajanjakson aikana joukkueet haalivat kasaan vaihtelevan m\u00e4\u00e4r\u00e4n kierroksia. Tulokset kilpailusta<\/div>\t\t<div class=\"raven-post-read-more\">\r\n\t\t\t<a class=\"raven-post-button\" href=\"https:\/\/jmyo.fi\/en\/yleinen\/rakaposkella-2022\/\"><span class=\"raven-post-button-text\">Jatka lukemista<\/span><\/a>\r\n\t\t<\/div>\r\n\t\t\t\t\t\t\t<\/div>\r\n\t\t\t\t\t\t\t\t<\/div>\r\n\t\t<\/div>\r\n\t\t\t\t<\/div>\r\n\t\t\t\t\t\t<\/div>\n\t\t\t\t<\/div>\n\t\t\t\t\t<\/div>\n\t\t<\/div>\n\t\t\t\t\t<\/div>\n\t\t<\/section>\n\t\t\t\t<\/div>","protected":false},"excerpt":{"rendered":"<p>R\u00e4k\u00e4poskella 2021 9.2.2021 \/ Yleinen R\u00e4k\u00e4poskella valloittaa hiihtoladut j\u00e4lleen t\u00e4n\u00e4kin vuonna! Muista vuosista poiketen ja nykytilanteeseen sopeutuen on pieni twisti R\u00e4kikseen kuitenkin lis\u00e4tty. Joensuun Mets\u00e4ylioppilaat j\u00e4rjest\u00e4\u00e4 siis R\u00e4kiksen maaliskuun ensimm\u00e4isell\u00e4 [&hellip;]<\/p>","protected":false},"author":4,"featured_media":0,"parent":0,"menu_order":2,"comment_status":"closed","ping_status":"closed","template":"","meta":{"_acf_changed":false,"footnotes":""},"class_list":["post-34","page","type-page","status-publish","hentry"],"acf":[],"yoast_head":"<!-- This site is optimized with the Yoast SEO plugin v24.7 - https:\/\/yoast.com\/wordpress\/plugins\/seo\/ -->\n<title>Ajankohtaista - Joensuun Mets\u00e4ylioppilaat ry<\/title>\n<meta name=\"robots\" content=\"index, follow, max-snippet:-1, max-image-preview:large, max-video-preview:-1\" \/>\n<link rel=\"canonical\" href=\"https:\/\/jmyo.fi\/en\/ajankohtaista\/\" \/>\n<meta property=\"og:locale\" content=\"en_US\" \/>\n<meta property=\"og:type\" content=\"article\" \/>\n<meta property=\"og:title\" content=\"Ajankohtaista - Joensuun Mets\u00e4ylioppilaat ry\" \/>\n<meta property=\"og:description\" content=\"R\u00e4k\u00e4poskella 2021 9.2.2021 \/ Yleinen R\u00e4k\u00e4poskella valloittaa hiihtoladut j\u00e4lleen t\u00e4n\u00e4kin vuonna! Muista vuosista poiketen ja nykytilanteeseen sopeutuen on pieni twisti R\u00e4kikseen kuitenkin lis\u00e4tty. Joensuun Mets\u00e4ylioppilaat j\u00e4rjest\u00e4\u00e4 siis R\u00e4kiksen maaliskuun ensimm\u00e4isell\u00e4 [&hellip;]\" \/>\n<meta property=\"og:url\" content=\"https:\/\/jmyo.fi\/en\/ajankohtaista\/\" \/>\n<meta property=\"og:site_name\" content=\"Joensuun Mets\u00e4ylioppilaat ry\" \/>\n<meta property=\"article:modified_time\" content=\"2021-07-18T10:27:04+00:00\" \/>\n<meta property=\"og:image\" content=\"https:\/\/jmyo.fi\/paasivusto\/wp-content\/uploads\/2021\/02\/rakis-2021-fb.png\" \/>\n<meta name=\"twitter:card\" content=\"summary_large_image\" \/>\n<meta name=\"twitter:label1\" content=\"Est. reading time\" \/>\n\t<meta name=\"twitter:data1\" content=\"2 minutes\" \/>\n<script type=\"application\/ld+json\" class=\"yoast-schema-graph\">{\"@context\":\"https:\/\/schema.org\",\"@graph\":[{\"@type\":\"WebPage\",\"@id\":\"https:\/\/jmyo.fi\/ajankohtaista\/\",\"url\":\"https:\/\/jmyo.fi\/ajankohtaista\/\",\"name\":\"Ajankohtaista - Joensuun Mets\u00e4ylioppilaat ry\",\"isPartOf\":{\"@id\":\"https:\/\/jmyo.fi\/#website\"},\"primaryImageOfPage\":{\"@id\":\"https:\/\/jmyo.fi\/ajankohtaista\/#primaryimage\"},\"image\":{\"@id\":\"https:\/\/jmyo.fi\/ajankohtaista\/#primaryimage\"},\"thumbnailUrl\":\"https:\/\/jmyo.fi\/paasivusto\/wp-content\/uploads\/2021\/02\/rakis-2021-fb.png\",\"datePublished\":\"2021-02-10T11:45:09+00:00\",\"dateModified\":\"2021-07-18T10:27:04+00:00\",\"breadcrumb\":{\"@id\":\"https:\/\/jmyo.fi\/ajankohtaista\/#breadcrumb\"},\"inLanguage\":\"en-US\",\"potentialAction\":[{\"@type\":\"ReadAction\",\"target\":[\"https:\/\/jmyo.fi\/ajankohtaista\/\"]}]},{\"@type\":\"ImageObject\",\"inLanguage\":\"en-US\",\"@id\":\"https:\/\/jmyo.fi\/ajankohtaista\/#primaryimage\",\"url\":\"https:\/\/jmyo.fi\/paasivusto\/wp-content\/uploads\/2021\/02\/rakis-2021-fb.png\",\"contentUrl\":\"https:\/\/jmyo.fi\/paasivusto\/wp-content\/uploads\/2021\/02\/rakis-2021-fb.png\"},{\"@type\":\"BreadcrumbList\",\"@id\":\"https:\/\/jmyo.fi\/ajankohtaista\/#breadcrumb\",\"itemListElement\":[{\"@type\":\"ListItem\",\"position\":1,\"name\":\"Etusivu\",\"item\":\"https:\/\/jmyo.fi\/\"},{\"@type\":\"ListItem\",\"position\":2,\"name\":\"Ajankohtaista\"}]},{\"@type\":\"WebSite\",\"@id\":\"https:\/\/jmyo.fi\/#website\",\"url\":\"https:\/\/jmyo.fi\/\",\"name\":\"Joensuun Mets\u00e4ylioppilaat ry\",\"description\":\"Mets\u00e4tieteiden ainej\u00e4rjest\u00f6 vuodesta 1982\",\"publisher\":{\"@id\":\"https:\/\/jmyo.fi\/#organization\"},\"potentialAction\":[{\"@type\":\"SearchAction\",\"target\":{\"@type\":\"EntryPoint\",\"urlTemplate\":\"https:\/\/jmyo.fi\/?s={search_term_string}\"},\"query-input\":{\"@type\":\"PropertyValueSpecification\",\"valueRequired\":true,\"valueName\":\"search_term_string\"}}],\"inLanguage\":\"en-US\"},{\"@type\":\"Organization\",\"@id\":\"https:\/\/jmyo.fi\/#organization\",\"name\":\"Joensuun Mets\u00e4ylioppilaat ry\",\"url\":\"https:\/\/jmyo.fi\/\",\"logo\":{\"@type\":\"ImageObject\",\"inLanguage\":\"en-US\",\"@id\":\"https:\/\/jmyo.fi\/#\/schema\/logo\/image\/\",\"url\":\"https:\/\/jmyo.fi\/paasivusto\/wp-content\/uploads\/2021\/02\/cropped-cropped-logo_lehti_ympyra.png\",\"contentUrl\":\"https:\/\/jmyo.fi\/paasivusto\/wp-content\/uploads\/2021\/02\/cropped-cropped-logo_lehti_ympyra.png\",\"width\":512,\"height\":512,\"caption\":\"Joensuun Mets\u00e4ylioppilaat ry\"},\"image\":{\"@id\":\"https:\/\/jmyo.fi\/#\/schema\/logo\/image\/\"}}]}<\/script>\n<!-- \/ Yoast SEO plugin. -->","yoast_head_json":{"title":"Ajankohtaista - Joensuun Mets\u00e4ylioppilaat ry","robots":{"index":"index","follow":"follow","max-snippet":"max-snippet:-1","max-image-preview":"max-image-preview:large","max-video-preview":"max-video-preview:-1"},"canonical":"https:\/\/jmyo.fi\/en\/ajankohtaista\/","og_locale":"en_US","og_type":"article","og_title":"Ajankohtaista - Joensuun Mets\u00e4ylioppilaat ry","og_description":"R\u00e4k\u00e4poskella 2021 9.2.2021 \/ Yleinen R\u00e4k\u00e4poskella valloittaa hiihtoladut j\u00e4lleen t\u00e4n\u00e4kin vuonna! Muista vuosista poiketen ja nykytilanteeseen sopeutuen on pieni twisti R\u00e4kikseen kuitenkin lis\u00e4tty. Joensuun Mets\u00e4ylioppilaat j\u00e4rjest\u00e4\u00e4 siis R\u00e4kiksen maaliskuun ensimm\u00e4isell\u00e4 [&hellip;]","og_url":"https:\/\/jmyo.fi\/en\/ajankohtaista\/","og_site_name":"Joensuun Mets\u00e4ylioppilaat ry","article_modified_time":"2021-07-18T10:27:04+00:00","og_image":[{"url":"https:\/\/jmyo.fi\/paasivusto\/wp-content\/uploads\/2021\/02\/rakis-2021-fb.png","type":"","width":"","height":""}],"twitter_card":"summary_large_image","twitter_misc":{"Est. reading time":"2 minutes"},"schema":{"@context":"https:\/\/schema.org","@graph":[{"@type":"WebPage","@id":"https:\/\/jmyo.fi\/ajankohtaista\/","url":"https:\/\/jmyo.fi\/ajankohtaista\/","name":"Ajankohtaista - Joensuun Mets\u00e4ylioppilaat ry","isPartOf":{"@id":"https:\/\/jmyo.fi\/#website"},"primaryImageOfPage":{"@id":"https:\/\/jmyo.fi\/ajankohtaista\/#primaryimage"},"image":{"@id":"https:\/\/jmyo.fi\/ajankohtaista\/#primaryimage"},"thumbnailUrl":"https:\/\/jmyo.fi\/paasivusto\/wp-content\/uploads\/2021\/02\/rakis-2021-fb.png","datePublished":"2021-02-10T11:45:09+00:00","dateModified":"2021-07-18T10:27:04+00:00","breadcrumb":{"@id":"https:\/\/jmyo.fi\/ajankohtaista\/#breadcrumb"},"inLanguage":"en-US","potentialAction":[{"@type":"ReadAction","target":["https:\/\/jmyo.fi\/ajankohtaista\/"]}]},{"@type":"ImageObject","inLanguage":"en-US","@id":"https:\/\/jmyo.fi\/ajankohtaista\/#primaryimage","url":"https:\/\/jmyo.fi\/paasivusto\/wp-content\/uploads\/2021\/02\/rakis-2021-fb.png","contentUrl":"https:\/\/jmyo.fi\/paasivusto\/wp-content\/uploads\/2021\/02\/rakis-2021-fb.png"},{"@type":"BreadcrumbList","@id":"https:\/\/jmyo.fi\/ajankohtaista\/#breadcrumb","itemListElement":[{"@type":"ListItem","position":1,"name":"Etusivu","item":"https:\/\/jmyo.fi\/"},{"@type":"ListItem","position":2,"name":"Ajankohtaista"}]},{"@type":"WebSite","@id":"https:\/\/jmyo.fi\/#website","url":"https:\/\/jmyo.fi\/","name":"Joensuun Mets\u00e4ylioppilaat ry","description":"Mets\u00e4tieteiden ainej\u00e4rjest\u00f6 vuodesta 1982","publisher":{"@id":"https:\/\/jmyo.fi\/#organization"},"potentialAction":[{"@type":"SearchAction","target":{"@type":"EntryPoint","urlTemplate":"https:\/\/jmyo.fi\/?s={search_term_string}"},"query-input":{"@type":"PropertyValueSpecification","valueRequired":true,"valueName":"search_term_string"}}],"inLanguage":"en-US"},{"@type":"Organization","@id":"https:\/\/jmyo.fi\/#organization","name":"Joensuun Mets\u00e4ylioppilaat ry","url":"https:\/\/jmyo.fi\/","logo":{"@type":"ImageObject","inLanguage":"en-US","@id":"https:\/\/jmyo.fi\/#\/schema\/logo\/image\/","url":"https:\/\/jmyo.fi\/paasivusto\/wp-content\/uploads\/2021\/02\/cropped-cropped-logo_lehti_ympyra.png","contentUrl":"https:\/\/jmyo.fi\/paasivusto\/wp-content\/uploads\/2021\/02\/cropped-cropped-logo_lehti_ympyra.png","width":512,"height":512,"caption":"Joensuun Mets\u00e4ylioppilaat ry"},"image":{"@id":"https:\/\/jmyo.fi\/#\/schema\/logo\/image\/"}}]}},"_links":{"self":[{"href":"https:\/\/jmyo.fi\/en\/wp-json\/wp\/v2\/pages\/34","targetHints":{"allow":["GET"]}}],"collection":[{"href":"https:\/\/jmyo.fi\/en\/wp-json\/wp\/v2\/pages"}],"about":[{"href":"https:\/\/jmyo.fi\/en\/wp-json\/wp\/v2\/types\/page"}],"author":[{"embeddable":true,"href":"https:\/\/jmyo.fi\/en\/wp-json\/wp\/v2\/users\/4"}],"replies":[{"embeddable":true,"href":"https:\/\/jmyo.fi\/en\/wp-json\/wp\/v2\/comments?post=34"}],"version-history":[{"count":1,"href":"https:\/\/jmyo.fi\/en\/wp-json\/wp\/v2\/pages\/34\/revisions"}],"predecessor-version":[{"id":118902,"href":"https:\/\/jmyo.fi\/en\/wp-json\/wp\/v2\/pages\/34\/revisions\/118902"}],"wp:attachment":[{"href":"https:\/\/jmyo.fi\/en\/wp-json\/wp\/v2\/media?parent=34"}],"curies":[{"name":"wp","href":"https:\/\/api.w.org\/{rel}","templated":true}]}}