{"id":118013,"date":"2022-05-02T16:36:00","date_gmt":"2022-05-02T13:36:00","guid":{"rendered":"https:\/\/jmyo.fi\/?page_id=118013"},"modified":"2022-10-17T11:56:10","modified_gmt":"2022-10-17T08:56:10","slug":"vuosijuhlat","status":"publish","type":"page","link":"https:\/\/jmyo.fi\/en\/vuosijuhlat\/","title":{"rendered":"Annual celebrations"},"content":{"rendered":"<p><img decoding=\"async\" title=\"vujut ig\" src=\"https:\/\/jmyo.fi\/paasivusto\/wp-content\/uploads\/2022\/05\/vujut-ig-500x500.png\" alt=\"vujut ig\" \/><\/p>\n<h2>Vuoden 2022 vuosjuhlat on juhlittu! Kiitoksia osallistuneille! Seuraavat vuosijuhlat j\u00e4rjestet\u00e4\u00e4n vuonna 2027!<\/h2>\n<h2><\/h2>\n<h2>Vuosijuhlat 2022<\/h2>\n<p>Joensuun Mets\u00e4ylioppilaat ry juhlistaa 40-vuotista taivaltaan ensi syksyn\u00e4. Merkkip\u00e4iv\u00e4\u00e4 juhlistetaan koko viikon 41 ajan erilaisten tapahtumien muodossa. Vuosijuhlaviikon kruunaa perjantaina 14.10.2022 Sokos Hotel Kimmeliss\u00e4 j\u00e4rjestett\u00e4v\u00e4 iltajuhla.<br \/>\nJoka viides vuosi j\u00e4rjestett\u00e4v\u00e4 vuosijuhla on arvokas tapahtuma, joka muodostuu selke\u00e4st\u00e4 juhlaetiketist\u00e4, jota vieraiden oletetaan noudatettavan. Juhlaetiketist\u00e4 ei tarvitse olla huolissaan, sill\u00e4 vuosijuhlaviikolla j\u00e4rjest\u00e4mme etiketti-illan, jossa palautamme mieleen t\u00e4rkeimm\u00e4t asiat. Alkumaljojen noston j\u00e4lkeen ilta jatkuu kolmen ruokalajin illallisella, yhteislauluilla ja puheilla, joissa muistellaan ainej\u00e4rjest\u00f6mme vaihderikasta menneisyytt\u00e4 ja katsotaan my\u00f6s tulevaan. Illan kruunaa Joensuun Mets\u00e4ylioppilaiden ikioman b\u00e4ndin keikka!<\/p>\n<h2>Yleiset ohjeet:<\/h2>\n<p>Saavu paikalle hyviss\u00e4 ajoin ja kunnioita mahdollista puhujaa tai esiintyj\u00e4\u00e4, sek\u00e4 my\u00f6s kanssakuuntelijoitasi hiljaisuudella. Kun saavut juhlatilaan, etsi oma istuinpaikkasi. Paikan vaihtaminen kesken juhlaa on ep\u00e4soveliasta. Puhelimen k\u00e4ytt\u00f6 tai sy\u00f6minen\/juominen kesken ohjelman ei my\u00f6sk\u00e4\u00e4n ole soveliasta. Tauot ovat seurustelutilanteita, valokuvia ja wc-k\u00e4yntej\u00e4 varten. Palaathan ajoissa paikallesi, jotta ohjelma p\u00e4\u00e4see jatkumaan ilman ylim\u00e4\u00e4r\u00e4ist\u00e4 viiv\u00e4styst\u00e4. Kylm\u00e4n ruuan saapuessa odotetaan ennen sy\u00f6misen aloittamista, ett\u00e4 koko p\u00f6yt\u00e4seurue on saanut ruokansa, l\u00e4mpim\u00e4n ruuan kohdalla odotetaan, ett\u00e4 l\u00e4himm\u00e4t istuintoverisi ovat saaneet ruokansa.<\/p>\n<h2>Pukeutumisetiketti:<\/h2>\n<p><b>Miehet <\/b><\/p>\n<ul>\n<li>Frakki tai tummapuku (musta, tummansininen tai -harmaa)<\/li>\n<li>Valkoinen kauluspaita<\/li>\n<li>Puvun kanssa hillitty solmio tai solmuke<\/li>\n<li>Frakin kanssa solmuke<\/li>\n<li>Mustat ohutpohjaiset kiiltonahka- tai nahkakeng\u00e4t<\/li>\n<li>Tummat sukat<\/li>\n<\/ul>\n<p><b>Naiset <\/b><\/p>\n<ul>\n<li>Juhlapuku eli t\u00e4ysipitk\u00e4 iltapuku<\/li>\n<li>Hartiahuivi (mik\u00e4li puku ei peit\u00e4 olkap\u00e4it\u00e4)<\/li>\n<li>Hiusten tulee olla kiinni, jos niiden pituus sen mahdollistaa<\/li>\n<li>Laukku mielell\u00e4\u00e4n olkaimeton<\/li>\n<\/ul>\n<h2>Ainej\u00e4rjest\u00f6nauha:<\/h2>\n<p>Miehet kantavat ainej\u00e4rjest\u00f6nauhaa oikealta olkap\u00e4\u00e4lt\u00e4 vasempaan kylkeen<\/p>\n<ul>\n<li>Frakin kanssa liivin ja paidan v\u00e4liss\u00e4<\/li>\n<li>Tumman puvun kanssa nauhaa kannetaan solmion p\u00e4\u00e4ll\u00e4 ja takin alla<\/li>\n<\/ul>\n<p>Naisella ruusuke vasemmalla puolella<\/p>\n<h2>Yhteisty\u00f6kumppanit:<\/h2>\n<p><img fetchpriority=\"high\" decoding=\"async\" src=\"https:\/\/jmyo.fi\/paasivusto\/wp-content\/uploads\/2022\/08\/4.png\" alt=\"\" width=\"3216\" height=\"7536\" \/><\/p>","protected":false},"excerpt":{"rendered":"<p>Vuoden 2022 vuosjuhlat on juhlittu! Kiitoksia osallistuneille! Seuraavat vuosijuhlat j\u00e4rjestet\u00e4\u00e4n vuonna 2027! Vuosijuhlat 2022 Joensuun Mets\u00e4ylioppilaat ry juhlistaa 40-vuotista taivaltaan ensi syksyn\u00e4. Merkkip\u00e4iv\u00e4\u00e4 juhlistetaan koko viikon 41 ajan erilaisten tapahtumien [&hellip;]<\/p>","protected":false},"author":4,"featured_media":0,"parent":0,"menu_order":0,"comment_status":"closed","ping_status":"closed","template":"","meta":{"_acf_changed":false,"footnotes":""},"class_list":["post-118013","page","type-page","status-publish","hentry"],"acf":[],"yoast_head":"<!-- This site is optimized with the Yoast SEO plugin v24.7 - https:\/\/yoast.com\/wordpress\/plugins\/seo\/ -->\n<title>Vuosijuhlat - Joensuun Mets\u00e4ylioppilaat ry<\/title>\n<meta name=\"robots\" content=\"index, follow, max-snippet:-1, max-image-preview:large, max-video-preview:-1\" \/>\n<link rel=\"canonical\" href=\"https:\/\/jmyo.fi\/en\/vuosijuhlat\/\" \/>\n<meta property=\"og:locale\" content=\"en_US\" \/>\n<meta property=\"og:type\" content=\"article\" \/>\n<meta property=\"og:title\" content=\"Vuosijuhlat - Joensuun Mets\u00e4ylioppilaat ry\" \/>\n<meta property=\"og:description\" content=\"Vuoden 2022 vuosjuhlat on juhlittu! Kiitoksia osallistuneille! Seuraavat vuosijuhlat j\u00e4rjestet\u00e4\u00e4n vuonna 2027! Vuosijuhlat 2022 Joensuun Mets\u00e4ylioppilaat ry juhlistaa 40-vuotista taivaltaan ensi syksyn\u00e4. Merkkip\u00e4iv\u00e4\u00e4 juhlistetaan koko viikon 41 ajan erilaisten tapahtumien [&hellip;]\" \/>\n<meta property=\"og:url\" content=\"https:\/\/jmyo.fi\/en\/vuosijuhlat\/\" \/>\n<meta property=\"og:site_name\" content=\"Joensuun Mets\u00e4ylioppilaat ry\" \/>\n<meta property=\"article:modified_time\" content=\"2022-10-17T08:56:10+00:00\" \/>\n<meta property=\"og:image\" content=\"https:\/\/jmyo.fi\/paasivusto\/wp-content\/uploads\/2022\/05\/vujut-ig-500x500.png\" \/>\n<meta name=\"twitter:card\" content=\"summary_large_image\" \/>\n<meta name=\"twitter:label1\" content=\"Est. reading time\" \/>\n\t<meta name=\"twitter:data1\" content=\"2 minutes\" \/>\n<script type=\"application\/ld+json\" class=\"yoast-schema-graph\">{\"@context\":\"https:\/\/schema.org\",\"@graph\":[{\"@type\":\"WebPage\",\"@id\":\"https:\/\/jmyo.fi\/vuosijuhlat\/\",\"url\":\"https:\/\/jmyo.fi\/vuosijuhlat\/\",\"name\":\"Vuosijuhlat - Joensuun Mets\u00e4ylioppilaat ry\",\"isPartOf\":{\"@id\":\"https:\/\/jmyo.fi\/#website\"},\"primaryImageOfPage\":{\"@id\":\"https:\/\/jmyo.fi\/vuosijuhlat\/#primaryimage\"},\"image\":{\"@id\":\"https:\/\/jmyo.fi\/vuosijuhlat\/#primaryimage\"},\"thumbnailUrl\":\"https:\/\/jmyo.fi\/paasivusto\/wp-content\/uploads\/2022\/05\/vujut-ig-500x500.png\",\"datePublished\":\"2022-05-02T13:36:00+00:00\",\"dateModified\":\"2022-10-17T08:56:10+00:00\",\"breadcrumb\":{\"@id\":\"https:\/\/jmyo.fi\/vuosijuhlat\/#breadcrumb\"},\"inLanguage\":\"en-US\",\"potentialAction\":[{\"@type\":\"ReadAction\",\"target\":[\"https:\/\/jmyo.fi\/vuosijuhlat\/\"]}]},{\"@type\":\"ImageObject\",\"inLanguage\":\"en-US\",\"@id\":\"https:\/\/jmyo.fi\/vuosijuhlat\/#primaryimage\",\"url\":\"https:\/\/jmyo.fi\/paasivusto\/wp-content\/uploads\/2022\/05\/vujut-ig-500x500.png\",\"contentUrl\":\"https:\/\/jmyo.fi\/paasivusto\/wp-content\/uploads\/2022\/05\/vujut-ig-500x500.png\"},{\"@type\":\"BreadcrumbList\",\"@id\":\"https:\/\/jmyo.fi\/vuosijuhlat\/#breadcrumb\",\"itemListElement\":[{\"@type\":\"ListItem\",\"position\":1,\"name\":\"Etusivu\",\"item\":\"https:\/\/jmyo.fi\/\"},{\"@type\":\"ListItem\",\"position\":2,\"name\":\"Vuosijuhlat\"}]},{\"@type\":\"WebSite\",\"@id\":\"https:\/\/jmyo.fi\/#website\",\"url\":\"https:\/\/jmyo.fi\/\",\"name\":\"Joensuun Mets\u00e4ylioppilaat ry\",\"description\":\"Mets\u00e4tieteiden ainej\u00e4rjest\u00f6 vuodesta 1982\",\"publisher\":{\"@id\":\"https:\/\/jmyo.fi\/#organization\"},\"potentialAction\":[{\"@type\":\"SearchAction\",\"target\":{\"@type\":\"EntryPoint\",\"urlTemplate\":\"https:\/\/jmyo.fi\/?s={search_term_string}\"},\"query-input\":{\"@type\":\"PropertyValueSpecification\",\"valueRequired\":true,\"valueName\":\"search_term_string\"}}],\"inLanguage\":\"en-US\"},{\"@type\":\"Organization\",\"@id\":\"https:\/\/jmyo.fi\/#organization\",\"name\":\"Joensuun Mets\u00e4ylioppilaat ry\",\"url\":\"https:\/\/jmyo.fi\/\",\"logo\":{\"@type\":\"ImageObject\",\"inLanguage\":\"en-US\",\"@id\":\"https:\/\/jmyo.fi\/#\/schema\/logo\/image\/\",\"url\":\"https:\/\/jmyo.fi\/paasivusto\/wp-content\/uploads\/2021\/02\/cropped-cropped-logo_lehti_ympyra.png\",\"contentUrl\":\"https:\/\/jmyo.fi\/paasivusto\/wp-content\/uploads\/2021\/02\/cropped-cropped-logo_lehti_ympyra.png\",\"width\":512,\"height\":512,\"caption\":\"Joensuun Mets\u00e4ylioppilaat ry\"},\"image\":{\"@id\":\"https:\/\/jmyo.fi\/#\/schema\/logo\/image\/\"}}]}<\/script>\n<!-- \/ Yoast SEO plugin. -->","yoast_head_json":{"title":"Vuosijuhlat - Joensuun Mets\u00e4ylioppilaat ry","robots":{"index":"index","follow":"follow","max-snippet":"max-snippet:-1","max-image-preview":"max-image-preview:large","max-video-preview":"max-video-preview:-1"},"canonical":"https:\/\/jmyo.fi\/en\/vuosijuhlat\/","og_locale":"en_US","og_type":"article","og_title":"Vuosijuhlat - Joensuun Mets\u00e4ylioppilaat ry","og_description":"Vuoden 2022 vuosjuhlat on juhlittu! Kiitoksia osallistuneille! Seuraavat vuosijuhlat j\u00e4rjestet\u00e4\u00e4n vuonna 2027! Vuosijuhlat 2022 Joensuun Mets\u00e4ylioppilaat ry juhlistaa 40-vuotista taivaltaan ensi syksyn\u00e4. Merkkip\u00e4iv\u00e4\u00e4 juhlistetaan koko viikon 41 ajan erilaisten tapahtumien [&hellip;]","og_url":"https:\/\/jmyo.fi\/en\/vuosijuhlat\/","og_site_name":"Joensuun Mets\u00e4ylioppilaat ry","article_modified_time":"2022-10-17T08:56:10+00:00","og_image":[{"url":"https:\/\/jmyo.fi\/paasivusto\/wp-content\/uploads\/2022\/05\/vujut-ig-500x500.png","type":"","width":"","height":""}],"twitter_card":"summary_large_image","twitter_misc":{"Est. reading time":"2 minutes"},"schema":{"@context":"https:\/\/schema.org","@graph":[{"@type":"WebPage","@id":"https:\/\/jmyo.fi\/vuosijuhlat\/","url":"https:\/\/jmyo.fi\/vuosijuhlat\/","name":"Vuosijuhlat - Joensuun Mets\u00e4ylioppilaat ry","isPartOf":{"@id":"https:\/\/jmyo.fi\/#website"},"primaryImageOfPage":{"@id":"https:\/\/jmyo.fi\/vuosijuhlat\/#primaryimage"},"image":{"@id":"https:\/\/jmyo.fi\/vuosijuhlat\/#primaryimage"},"thumbnailUrl":"https:\/\/jmyo.fi\/paasivusto\/wp-content\/uploads\/2022\/05\/vujut-ig-500x500.png","datePublished":"2022-05-02T13:36:00+00:00","dateModified":"2022-10-17T08:56:10+00:00","breadcrumb":{"@id":"https:\/\/jmyo.fi\/vuosijuhlat\/#breadcrumb"},"inLanguage":"en-US","potentialAction":[{"@type":"ReadAction","target":["https:\/\/jmyo.fi\/vuosijuhlat\/"]}]},{"@type":"ImageObject","inLanguage":"en-US","@id":"https:\/\/jmyo.fi\/vuosijuhlat\/#primaryimage","url":"https:\/\/jmyo.fi\/paasivusto\/wp-content\/uploads\/2022\/05\/vujut-ig-500x500.png","contentUrl":"https:\/\/jmyo.fi\/paasivusto\/wp-content\/uploads\/2022\/05\/vujut-ig-500x500.png"},{"@type":"BreadcrumbList","@id":"https:\/\/jmyo.fi\/vuosijuhlat\/#breadcrumb","itemListElement":[{"@type":"ListItem","position":1,"name":"Etusivu","item":"https:\/\/jmyo.fi\/"},{"@type":"ListItem","position":2,"name":"Vuosijuhlat"}]},{"@type":"WebSite","@id":"https:\/\/jmyo.fi\/#website","url":"https:\/\/jmyo.fi\/","name":"Joensuun Mets\u00e4ylioppilaat ry","description":"Mets\u00e4tieteiden ainej\u00e4rjest\u00f6 vuodesta 1982","publisher":{"@id":"https:\/\/jmyo.fi\/#organization"},"potentialAction":[{"@type":"SearchAction","target":{"@type":"EntryPoint","urlTemplate":"https:\/\/jmyo.fi\/?s={search_term_string}"},"query-input":{"@type":"PropertyValueSpecification","valueRequired":true,"valueName":"search_term_string"}}],"inLanguage":"en-US"},{"@type":"Organization","@id":"https:\/\/jmyo.fi\/#organization","name":"Joensuun Mets\u00e4ylioppilaat ry","url":"https:\/\/jmyo.fi\/","logo":{"@type":"ImageObject","inLanguage":"en-US","@id":"https:\/\/jmyo.fi\/#\/schema\/logo\/image\/","url":"https:\/\/jmyo.fi\/paasivusto\/wp-content\/uploads\/2021\/02\/cropped-cropped-logo_lehti_ympyra.png","contentUrl":"https:\/\/jmyo.fi\/paasivusto\/wp-content\/uploads\/2021\/02\/cropped-cropped-logo_lehti_ympyra.png","width":512,"height":512,"caption":"Joensuun Mets\u00e4ylioppilaat ry"},"image":{"@id":"https:\/\/jmyo.fi\/#\/schema\/logo\/image\/"}}]}},"_links":{"self":[{"href":"https:\/\/jmyo.fi\/en\/wp-json\/wp\/v2\/pages\/118013","targetHints":{"allow":["GET"]}}],"collection":[{"href":"https:\/\/jmyo.fi\/en\/wp-json\/wp\/v2\/pages"}],"about":[{"href":"https:\/\/jmyo.fi\/en\/wp-json\/wp\/v2\/types\/page"}],"author":[{"embeddable":true,"href":"https:\/\/jmyo.fi\/en\/wp-json\/wp\/v2\/users\/4"}],"replies":[{"embeddable":true,"href":"https:\/\/jmyo.fi\/en\/wp-json\/wp\/v2\/comments?post=118013"}],"version-history":[{"count":0,"href":"https:\/\/jmyo.fi\/en\/wp-json\/wp\/v2\/pages\/118013\/revisions"}],"wp:attachment":[{"href":"https:\/\/jmyo.fi\/en\/wp-json\/wp\/v2\/media?parent=118013"}],"curies":[{"name":"wp","href":"https:\/\/api.w.org\/{rel}","templated":true}]}}